{"id":100,"date":"2014-03-31T16:27:28","date_gmt":"2014-03-31T14:27:28","guid":{"rendered":"https:\/\/www.tillvaxtbohuslan.se\/delarsboende\/?page_id=100"},"modified":"2014-09-09T15:50:45","modified_gmt":"2014-09-09T13:50:45","slug":"mote-med-samhallsforeningar-25-sep-2012","status":"publish","type":"page","link":"https:\/\/www.tillvaxtbohuslan.se\/delarsboende\/mote-med-samhallsforeningar-25-sep-2012\/","title":{"rendered":"M\u00f6te med samh\u00e4llsf\u00f6reningar 25 sep 2012"},"content":{"rendered":"<p>P\u00e5 Res\u00f6 Hamnmagasin 25 september samlades ordf\u00f6rande och medlemmar fr\u00e5n samh\u00e4llsf\u00f6reningarna Bohus-Malm\u00f6n, Res\u00f6, Ross\u00f6 och Skaft\u00f6. Elsie Hellstr\u00f6m inledde med att presentera bakgrunden till samarbetet mellan kommunerna i norra Bohusl\u00e4n \u2013 och bakgrunden till detta projekt. Jane Boyton, V\u00e4stra G\u00f6talands Regionen, tog d\u00e4refter vid och ber\u00e4ttade om p\u00e5g\u00e5ende landsbygdsutvecklingsarbete i regionen. Hon konstaterade vikten av god service p\u00e5 landsbygden: \u201dUtan service inga f\u00f6retag, utan f\u00f6retag ingen service\u201d. Jane lyfte fram m\u00f6jligheten att som lokal lanthandel och kommersiell servicegivare p\u00e5 landsbygden f\u00e5 beviljat bidrag till sin verksamhet. Det f\u00f6rklaras av att alla medborgare i V\u00e4stra G\u00f6talandsregionen ska ha tillg\u00e5ng till dagligvaror. Martina Johansson presenterade d\u00e4refter Projekt Tillv\u00e4xtgrupp Del\u00e5rsboende: vad som har gjorts fram till idag, vart projektet \u00e4r p\u00e5 v\u00e4g och var samh\u00e4llsf\u00f6reningarna kommer in i bilden. Diskussion tog d\u00e4refter vid vilket f\u00f6ljde ungef\u00e4rlig struktur p\u00e5 framtaget (program[VAC4] ).<\/p>\n<p>S\u00e5 gott som samtliga medverkade lyfte fram att den lokala lanthandeln \u00e4r en central och v\u00e4rdefull m\u00f6tesplats (f\u00f6r s\u00e5v\u00e4l hel\u00e5rs- som del\u00e5rsboende). Lanthandeln \u00e4r \u201den livspump f\u00f6r boende\u201d och \u201dligger i allas intresse\u201d. D\u00e4rf\u00f6r konstaterades det att n\u00e5gon form av informationssatsning eller dylikt i anslutning till lanthandeln vore v\u00e4rdefull. Anslagstavlan beskrivs som v\u00e4rdefull och anslagstavlor finns i dagsl\u00e4get vid eller i de flesta lanthandlar, men de borde underh\u00e5llas mer och information v\u00e4rderas. Den arbetsuppgiften b\u00f6r inte lanthandlaren axla sj\u00e4lv &#8211; om lanthandlaren ska axla det ansvaret b\u00f6r han f\u00e5 visst ekonomiskt medel. Vidare diskuterades vilken information som ska finnas hos lanthandlaren och hur den b\u00f6r utformas. F\u00f6rslag lyfts fram p\u00e5 information som b\u00f6r tillg\u00e4ngligg\u00f6ras, s\u00e5som V\u00e4sttrafiks (idag) sv\u00e5rl\u00e4sta tidtabeller. Ross\u00f6 samh\u00e4llsf\u00f6rening ger idag ut f\u00f6renklade busstidtabeller d\u00e5 det finns ett \u00f6nskem\u00e5l och behov av det. Tre av de fyra samh\u00e4llsf\u00f6reningarna ger ut information i tryckt v\u00e4g s\u00e5som nyhetsbrev och andra mer \u201dmatiga\u201d tidningar om vad som h\u00e4nder p\u00e5 \u00f6arna vilket uppskattas stort av s\u00e5v\u00e4l del\u00e5rs- som hel\u00e5rsboende.<\/p>\n<p>Vad g\u00e4ller de del\u00e5rsboende och deras intresse att engagera sig i samh\u00e4llslivet sade en av samh\u00e4llsf\u00f6reningarnas ordf\u00f6rande att det finns ett stort interesse hos gruppen del\u00e5rsboende att bli mer engagerade, men att det stannar d\u00e4rvid. De tar med andra ord inte steget: \u201dD\u00e4r kommer ni i projektet in i bilden: hur f\u00e5r vi dom att engageras?\u201d. Det finns ett stort intresse hos samh\u00e4llsf\u00f6reningarna av \u00f6kat samarbete med kommunen. Exempelvis att samh\u00e4llsf\u00f6reningarna kan hj\u00e4lpa till att skriva nyhetsbrev om kommunen har en spalt om samh\u00e4llsf\u00f6reningen p\u00e5 hemsidan. Ett lyckat exempel p\u00e5 samarbete kommun och samh\u00e4llsf\u00f6rening emellan, som redan finns idag, \u00e4r n\u00e4r kommunala representanter kommer till arrangerade tr\u00e4ffar p\u00e5 Ross\u00f6 samh\u00e4llsf\u00f6rening i samband med att flera har flyttat till \u00f6n. D\u00e5 ber\u00e4ttas det om kommunala visioner och p\u00e5g\u00e5ende arbete. Det uppskattas av s\u00e5v\u00e4l nyinflyttade som hel\u00e5rs- och del\u00e5rsboende.<\/p>\n<p>Ut\u00f6ver \u00f6nskat fokus p\u00e5 informations- och kommunikationsstrategisk utveckling lyftes andra servicebehov fram under samtalet. Framf\u00f6r allt handlade det om \u00f6nskem\u00e5l om fler b\u00e5tplatser och en f\u00f6rb\u00e4ttrad infrastruktur (s\u00e5v\u00e4l v\u00e4gar som bredband) &#8211; och att dessa servicebehov \u00e4r att f\u00f6rst\u00e5 som avg\u00f6rande f\u00f6r att \u00f6arna ska betraktas som attraktiva att bo och verka p\u00e5 (och om det ska vara m\u00f6jligt att locka fler del\u00e5rsboende att vilja bli hel\u00e5rsboende).<\/p>\n","protected":false},"excerpt":{"rendered":"<p>P\u00e5 Res\u00f6 Hamnmagasin 25 september samlades ordf\u00f6rande och medlemmar fr\u00e5n samh\u00e4llsf\u00f6reningarna Bohus-Malm\u00f6n, Res\u00f6, Ross\u00f6 och Skaft\u00f6. Elsie Hellstr\u00f6m inledde med att presentera bakgrunden till samarbetet mellan kommunerna i norra Bohusl\u00e4n \u2013 och bakgrunden till detta projekt. Jane Boyton, V\u00e4stra G\u00f6talands &hellip; <a href=\"https:\/\/www.tillvaxtbohuslan.se\/delarsboende\/mote-med-samhallsforeningar-25-sep-2012\/\" title=\"M\u00f6te med samh\u00e4llsf\u00f6reningar 25 sep 2012\">Forts\u00e4tt l\u00e4sa <span class=\"meta-nav\"><i class=\"icon-long-arrow-right\"><\/i><\/span><\/a><\/p>\n","protected":false},"author":1,"featured_media":0,"parent":0,"menu_order":0,"comment_status":"closed","ping_status":"open","template":"","meta":{"_acf_changed":false,"footnotes":""},"class_list":["post-100","page","type-page","status-publish","hentry"],"acf":[],"yoast_head":"<!-- This site is optimized with the Yoast SEO plugin v27.4 - https:\/\/yoast.com\/product\/yoast-seo-wordpress\/ -->\n<title>M\u00f6te med samh\u00e4llsf\u00f6reningar 25 sep 2012 - Del\u00e5rsboende<\/title>\n<meta name=\"robots\" content=\"index, follow, max-snippet:-1, max-image-preview:large, max-video-preview:-1\" \/>\n<link rel=\"canonical\" href=\"https:\/\/www.tillvaxtbohuslan.se\/delarsboende\/mote-med-samhallsforeningar-25-sep-2012\/\" \/>\n<meta name=\"twitter:label1\" content=\"Ber\u00e4knad l\u00e4stid\" \/>\n\t<meta name=\"twitter:data1\" content=\"3 minuter\" \/>\n<script type=\"application\/ld+json\" class=\"yoast-schema-graph\">{\"@context\":\"https:\\\/\\\/schema.org\",\"@graph\":[{\"@type\":\"WebPage\",\"@id\":\"https:\\\/\\\/www.tillvaxtbohuslan.se\\\/delarsboende\\\/mote-med-samhallsforeningar-25-sep-2012\\\/\",\"url\":\"https:\\\/\\\/www.tillvaxtbohuslan.se\\\/delarsboende\\\/mote-med-samhallsforeningar-25-sep-2012\\\/\",\"name\":\"M\u00f6te med samh\u00e4llsf\u00f6reningar 25 sep 2012 - Del\u00e5rsboende\",\"isPartOf\":{\"@id\":\"https:\\\/\\\/www.tillvaxtbohuslan.se\\\/delarsboende\\\/#website\"},\"datePublished\":\"2014-03-31T14:27:28+00:00\",\"dateModified\":\"2014-09-09T13:50:45+00:00\",\"breadcrumb\":{\"@id\":\"https:\\\/\\\/www.tillvaxtbohuslan.se\\\/delarsboende\\\/mote-med-samhallsforeningar-25-sep-2012\\\/#breadcrumb\"},\"inLanguage\":\"sv-SE\",\"potentialAction\":[{\"@type\":\"ReadAction\",\"target\":[\"https:\\\/\\\/www.tillvaxtbohuslan.se\\\/delarsboende\\\/mote-med-samhallsforeningar-25-sep-2012\\\/\"]}]},{\"@type\":\"BreadcrumbList\",\"@id\":\"https:\\\/\\\/www.tillvaxtbohuslan.se\\\/delarsboende\\\/mote-med-samhallsforeningar-25-sep-2012\\\/#breadcrumb\",\"itemListElement\":[{\"@type\":\"ListItem\",\"position\":1,\"name\":\"Hem\",\"item\":\"https:\\\/\\\/www.tillvaxtbohuslan.se\\\/delarsboende\\\/\"},{\"@type\":\"ListItem\",\"position\":2,\"name\":\"M\u00f6te med samh\u00e4llsf\u00f6reningar 25 sep 2012\"}]},{\"@type\":\"WebSite\",\"@id\":\"https:\\\/\\\/www.tillvaxtbohuslan.se\\\/delarsboende\\\/#website\",\"url\":\"https:\\\/\\\/www.tillvaxtbohuslan.se\\\/delarsboende\\\/\",\"name\":\"Del\u00e5rsboende\",\"description\":\"\",\"potentialAction\":[{\"@type\":\"SearchAction\",\"target\":{\"@type\":\"EntryPoint\",\"urlTemplate\":\"https:\\\/\\\/www.tillvaxtbohuslan.se\\\/delarsboende\\\/?s={search_term_string}\"},\"query-input\":{\"@type\":\"PropertyValueSpecification\",\"valueRequired\":true,\"valueName\":\"search_term_string\"}}],\"inLanguage\":\"sv-SE\"}]}<\/script>\n<!-- \/ Yoast SEO plugin. -->","yoast_head_json":{"title":"M\u00f6te med samh\u00e4llsf\u00f6reningar 25 sep 2012 - Del\u00e5rsboende","robots":{"index":"index","follow":"follow","max-snippet":"max-snippet:-1","max-image-preview":"max-image-preview:large","max-video-preview":"max-video-preview:-1"},"canonical":"https:\/\/www.tillvaxtbohuslan.se\/delarsboende\/mote-med-samhallsforeningar-25-sep-2012\/","twitter_misc":{"Ber\u00e4knad l\u00e4stid":"3 minuter"},"schema":{"@context":"https:\/\/schema.org","@graph":[{"@type":"WebPage","@id":"https:\/\/www.tillvaxtbohuslan.se\/delarsboende\/mote-med-samhallsforeningar-25-sep-2012\/","url":"https:\/\/www.tillvaxtbohuslan.se\/delarsboende\/mote-med-samhallsforeningar-25-sep-2012\/","name":"M\u00f6te med samh\u00e4llsf\u00f6reningar 25 sep 2012 - Del\u00e5rsboende","isPartOf":{"@id":"https:\/\/www.tillvaxtbohuslan.se\/delarsboende\/#website"},"datePublished":"2014-03-31T14:27:28+00:00","dateModified":"2014-09-09T13:50:45+00:00","breadcrumb":{"@id":"https:\/\/www.tillvaxtbohuslan.se\/delarsboende\/mote-med-samhallsforeningar-25-sep-2012\/#breadcrumb"},"inLanguage":"sv-SE","potentialAction":[{"@type":"ReadAction","target":["https:\/\/www.tillvaxtbohuslan.se\/delarsboende\/mote-med-samhallsforeningar-25-sep-2012\/"]}]},{"@type":"BreadcrumbList","@id":"https:\/\/www.tillvaxtbohuslan.se\/delarsboende\/mote-med-samhallsforeningar-25-sep-2012\/#breadcrumb","itemListElement":[{"@type":"ListItem","position":1,"name":"Hem","item":"https:\/\/www.tillvaxtbohuslan.se\/delarsboende\/"},{"@type":"ListItem","position":2,"name":"M\u00f6te med samh\u00e4llsf\u00f6reningar 25 sep 2012"}]},{"@type":"WebSite","@id":"https:\/\/www.tillvaxtbohuslan.se\/delarsboende\/#website","url":"https:\/\/www.tillvaxtbohuslan.se\/delarsboende\/","name":"Del\u00e5rsboende","description":"","potentialAction":[{"@type":"SearchAction","target":{"@type":"EntryPoint","urlTemplate":"https:\/\/www.tillvaxtbohuslan.se\/delarsboende\/?s={search_term_string}"},"query-input":{"@type":"PropertyValueSpecification","valueRequired":true,"valueName":"search_term_string"}}],"inLanguage":"sv-SE"}]}},"_links":{"self":[{"href":"https:\/\/www.tillvaxtbohuslan.se\/delarsboende\/wp-json\/wp\/v2\/pages\/100","targetHints":{"allow":["GET"]}}],"collection":[{"href":"https:\/\/www.tillvaxtbohuslan.se\/delarsboende\/wp-json\/wp\/v2\/pages"}],"about":[{"href":"https:\/\/www.tillvaxtbohuslan.se\/delarsboende\/wp-json\/wp\/v2\/types\/page"}],"author":[{"embeddable":true,"href":"https:\/\/www.tillvaxtbohuslan.se\/delarsboende\/wp-json\/wp\/v2\/users\/1"}],"replies":[{"embeddable":true,"href":"https:\/\/www.tillvaxtbohuslan.se\/delarsboende\/wp-json\/wp\/v2\/comments?post=100"}],"version-history":[{"count":1,"href":"https:\/\/www.tillvaxtbohuslan.se\/delarsboende\/wp-json\/wp\/v2\/pages\/100\/revisions"}],"predecessor-version":[{"id":101,"href":"https:\/\/www.tillvaxtbohuslan.se\/delarsboende\/wp-json\/wp\/v2\/pages\/100\/revisions\/101"}],"wp:attachment":[{"href":"https:\/\/www.tillvaxtbohuslan.se\/delarsboende\/wp-json\/wp\/v2\/media?parent=100"}],"curies":[{"name":"wp","href":"https:\/\/api.w.org\/{rel}","templated":true}]}}