{"id":518,"date":"2016-12-14T14:39:22","date_gmt":"2016-12-14T13:39:22","guid":{"rendered":"https:\/\/www.tillvaxtbohuslan.se\/bla-op\/?page_id=518"},"modified":"2017-07-03T13:33:52","modified_gmt":"2017-07-03T11:33:52","slug":"samrad-bla-op-2017","status":"publish","type":"page","link":"https:\/\/www.tillvaxtbohuslan.se\/bla-op\/samrad-bla-op-2017\/","title":{"rendered":"Samr\u00e5det Bl\u00e5 \u00d6P 2017 \u00e4r nu avslutat"},"content":{"rendered":"<h2>Hur skulle du nyttja havets resurser om du fick best\u00e4mma?<\/h2>\n<p><strong><em>&#8211; Bl\u00e5 \u00f6versiktsplan i norra Bohusl\u00e4n p\u00e5 samr\u00e5d<\/em><br \/>\nF\u00f6r f\u00f6rsta g\u00e5ngen har de <\/strong><strong>fyra kommunerna i norra Bohusl\u00e4n &#8211; Str\u00f6mstad, Tanum, Soten\u00e4s och Lysekil &#8211; tagit fram ett f\u00f6rslag till en gemensam plan f\u00f6r hur hav och kust b\u00f6r utvecklas. A<\/strong><strong>llm\u00e4nhet, f\u00f6retag och f\u00f6reningar har bjudits in f\u00f6r att tycka till om f\u00f6rslaget.<\/strong><\/p>\n<p><img loading=\"lazy\" decoding=\"async\" class=\"img-responsive alignright wp-image-264\" src=\"https:\/\/www.tillvaxtbohuslan.se\/bla-op\/wp-content\/uploads\/sites\/4\/2014\/06\/flicka-med-krabba-13.jpg\" alt=\"\" width=\"300\" height=\"450\" srcset=\"https:\/\/www.tillvaxtbohuslan.se\/bla-op\/wp-content\/uploads\/sites\/4\/2014\/06\/flicka-med-krabba-13.jpg 2362w, https:\/\/www.tillvaxtbohuslan.se\/bla-op\/wp-content\/uploads\/sites\/4\/2014\/06\/flicka-med-krabba-13-200x300.jpg 200w, https:\/\/www.tillvaxtbohuslan.se\/bla-op\/wp-content\/uploads\/sites\/4\/2014\/06\/flicka-med-krabba-13-682x1024.jpg 682w, https:\/\/www.tillvaxtbohuslan.se\/bla-op\/wp-content\/uploads\/sites\/4\/2014\/06\/flicka-med-krabba-13-370x555.jpg 370w\" sizes=\"auto, (max-width: 300px) 100vw, 300px\" \/>Den bl\u00e5 \u00f6versiktsplanen omfattar b\u00e5de kustvatten och \u00f6ppet hav inom kommunernas territorialgr\u00e4nser. Arbetet grundar sig p\u00e5 ett omfattande samarbete kring plan- och utvecklingsfr\u00e5gor i havsbandet d\u00e4r norra Bohusl\u00e4n ligger l\u00e5ngt framme nationellt.<\/p>\n<p>Den Bl\u00e5 \u00f6versiktsplanen kommer att bli ett viktigt verktyg f\u00f6r hur vi ska nyttja v\u00e5ra gemensamma marina resurser. Allt i syfte att Norra Bohusl\u00e4ns kust och hav \u00e4ven i framtiden ska vara attraktivt f\u00f6r boende, verksamheter och bes\u00f6kare.<\/p>\n<p>Syftet med samr\u00e5det \u00e4r att f\u00f6rb\u00e4ttra beslutsunderlaget och att ge ber\u00f6rda insyn i arbetet liksom m\u00f6jlighet att p\u00e5verka planens utformning.<\/p>\n<p>En rad intressen ska samsas f\u00f6r att vi ska kunna bevara och utveckla v\u00e5ra havsresurser. I planen finns m\u00e5l och rekommendationer f\u00f6r hur fr\u00e5gor som r\u00f6r havet ska hanteras. Planen pekar ocks\u00e5 ut specifika omr\u00e5den d\u00e4r vissa verksamheter \u00e4r s\u00e4rskilt l\u00e4mpliga. Det g\u00e4ller allt fr\u00e5n vattenbruk till friluftsliv, fiske, marin energi och hamnverksamhet.<\/p>\n<p>Nu ska alla inkomna synpunkter sammanst\u00e4llas. Vi vill tacka alla er som l\u00e4mnat in era synpunkter p\u00e5 arbetet.<\/p>\n<p><em>Planbeskrivningen och \u00f6vrig information finner du l\u00e4ngre ner under &#8221;Dokument f\u00f6r Samr\u00e5d Bl\u00e5 \u00d6P&#8221;, och webbkartan kan du se h\u00e4r: <a href=\"http:\/\/lysekil.maps.arcgis.com\/apps\/PublicInformation\/index.html?appid=419a553befb44a34b61f33aeb039769a\" target=\"_blank\" rel=\"noopener noreferrer\">Bl\u00e5 \u00f6versiktsplans webbkarta<\/a><\/em><\/p>\n<p><img loading=\"lazy\" decoding=\"async\" class=\"alignnone wp-image-621\" src=\"https:\/\/www.tillvaxtbohuslan.se\/bla-op\/wp-content\/uploads\/sites\/4\/2016\/12\/webbkartan-bild.jpg\" alt=\"\" width=\"244\" height=\"213\" srcset=\"https:\/\/www.tillvaxtbohuslan.se\/bla-op\/wp-content\/uploads\/sites\/4\/2016\/12\/webbkartan-bild.jpg 737w, https:\/\/www.tillvaxtbohuslan.se\/bla-op\/wp-content\/uploads\/sites\/4\/2016\/12\/webbkartan-bild-300x262.jpg 300w, https:\/\/www.tillvaxtbohuslan.se\/bla-op\/wp-content\/uploads\/sites\/4\/2016\/12\/webbkartan-bild-555x484.jpg 555w\" sizes=\"auto, (max-width: 244px) 100vw, 244px\" \/><\/p>\n<h3>Genomf\u00f6rda samr\u00e5dsm\u00f6ten<\/h3>\n<p>Under v\u00e5ren har det funnits tillf\u00e4lle att i respektive kommun haft m\u00f6jlighet att f\u00e5 ytterligare information om den Bl\u00e5 \u00f6versiktsplanen och st\u00e4lla fr\u00e5gor till personer som arbetar med projektet.<\/p>\n<p>27\/5\u00a0 Lysekil Centrum Lab, kl. 12.00 &#8211; 15.00<\/p>\n<p>1\/6\u00a0\u00a0 Str\u00f6mstad Kulturhus, Skagerack kl. 18.00 &#8211; 20.00<\/p>\n<p>7\/6\u00a0\u00a0 \u00d6ppet hus\/samr\u00e5dsm\u00f6te Tanum, kommunhusets entr\u00e9 kl. 18.00 &#8211; 20.00<\/p>\n<p>7\/6\u00a0\u00a0 Soten\u00e4s, Kommunhuset i Kungshamn, kl. 16.00 &#8211; 18.00<\/p>\n<p>8\/6\u00a0\u00a0 Digitalt fokusgruppsm\u00f6te f\u00f6r b\u00e5tliv via\u00a0Skype, kl. 16.00 &#8211; 18.00<\/p>\n<p>9\/6\u00a0\u00a0 Fokusgruppsm\u00f6te f\u00f6r yrkesfiskare i Tanums gamla tingshus, \u201dTingssalen\u201d. kl. 13.30 \u2013 16.00<\/p>\n<p>&nbsp;<\/p>\n<p>&nbsp;<\/p>\n<p>&nbsp;<\/p>\n","protected":false},"excerpt":{"rendered":"<p>Hur skulle du nyttja havets resurser om du fick best\u00e4mma? &#8211; Bl\u00e5 \u00f6versiktsplan i norra Bohusl\u00e4n p\u00e5 samr\u00e5d F\u00f6r f\u00f6rsta g\u00e5ngen har de fyra kommunerna i norra Bohusl\u00e4n &#8211; Str\u00f6mstad, Tanum, Soten\u00e4s och Lysekil &#8211; tagit fram ett f\u00f6rslag till &hellip; <a href=\"https:\/\/www.tillvaxtbohuslan.se\/bla-op\/samrad-bla-op-2017\/\" title=\"Samr\u00e5det Bl\u00e5 \u00d6P 2017 \u00e4r nu avslutat\">Forts\u00e4tt l\u00e4sa <span class=\"meta-nav\"><i class=\"icon-long-arrow-right\"><\/i><\/span><\/a><\/p>\n","protected":false},"author":1,"featured_media":0,"parent":0,"menu_order":0,"comment_status":"closed","ping_status":"closed","template":"page-archive.php","meta":{"_acf_changed":false,"jetpack_post_was_ever_published":false,"footnotes":""},"class_list":["post-518","page","type-page","status-publish","hentry"],"acf":[],"yoast_head":"<!-- This site is optimized with the Yoast SEO plugin v27.4 - https:\/\/yoast.com\/product\/yoast-seo-wordpress\/ -->\n<title>Samr\u00e5det Bl\u00e5 \u00d6P 2017 \u00e4r nu avslutat - Bl\u00e5 \u00d6versiktsplan<\/title>\n<meta name=\"robots\" content=\"index, follow, max-snippet:-1, max-image-preview:large, max-video-preview:-1\" \/>\n<link rel=\"canonical\" href=\"https:\/\/www.tillvaxtbohuslan.se\/bla-op\/samrad-bla-op-2017\/\" \/>\n<meta name=\"twitter:label1\" content=\"Ber\u00e4knad l\u00e4stid\" \/>\n\t<meta name=\"twitter:data1\" content=\"2 minuter\" \/>\n<script type=\"application\/ld+json\" class=\"yoast-schema-graph\">{\"@context\":\"https:\\\/\\\/schema.org\",\"@graph\":[{\"@type\":\"WebPage\",\"@id\":\"https:\\\/\\\/www.tillvaxtbohuslan.se\\\/bla-op\\\/samrad-bla-op-2017\\\/\",\"url\":\"https:\\\/\\\/www.tillvaxtbohuslan.se\\\/bla-op\\\/samrad-bla-op-2017\\\/\",\"name\":\"Samr\u00e5det Bl\u00e5 \u00d6P 2017 \u00e4r nu avslutat - Bl\u00e5 \u00d6versiktsplan\",\"isPartOf\":{\"@id\":\"https:\\\/\\\/www.tillvaxtbohuslan.se\\\/bla-op\\\/#website\"},\"primaryImageOfPage\":{\"@id\":\"https:\\\/\\\/www.tillvaxtbohuslan.se\\\/bla-op\\\/samrad-bla-op-2017\\\/#primaryimage\"},\"image\":{\"@id\":\"https:\\\/\\\/www.tillvaxtbohuslan.se\\\/bla-op\\\/samrad-bla-op-2017\\\/#primaryimage\"},\"thumbnailUrl\":\"https:\\\/\\\/www.tillvaxtbohuslan.se\\\/bla-op\\\/wp-content\\\/uploads\\\/sites\\\/4\\\/2014\\\/06\\\/flicka-med-krabba-13.jpg\",\"datePublished\":\"2016-12-14T13:39:22+00:00\",\"dateModified\":\"2017-07-03T11:33:52+00:00\",\"breadcrumb\":{\"@id\":\"https:\\\/\\\/www.tillvaxtbohuslan.se\\\/bla-op\\\/samrad-bla-op-2017\\\/#breadcrumb\"},\"inLanguage\":\"sv-SE\",\"potentialAction\":[{\"@type\":\"ReadAction\",\"target\":[\"https:\\\/\\\/www.tillvaxtbohuslan.se\\\/bla-op\\\/samrad-bla-op-2017\\\/\"]}]},{\"@type\":\"ImageObject\",\"inLanguage\":\"sv-SE\",\"@id\":\"https:\\\/\\\/www.tillvaxtbohuslan.se\\\/bla-op\\\/samrad-bla-op-2017\\\/#primaryimage\",\"url\":\"https:\\\/\\\/www.tillvaxtbohuslan.se\\\/bla-op\\\/wp-content\\\/uploads\\\/sites\\\/4\\\/2014\\\/06\\\/flicka-med-krabba-13.jpg\",\"contentUrl\":\"https:\\\/\\\/www.tillvaxtbohuslan.se\\\/bla-op\\\/wp-content\\\/uploads\\\/sites\\\/4\\\/2014\\\/06\\\/flicka-med-krabba-13.jpg\",\"width\":2362,\"height\":3543},{\"@type\":\"BreadcrumbList\",\"@id\":\"https:\\\/\\\/www.tillvaxtbohuslan.se\\\/bla-op\\\/samrad-bla-op-2017\\\/#breadcrumb\",\"itemListElement\":[{\"@type\":\"ListItem\",\"position\":1,\"name\":\"Hem\",\"item\":\"https:\\\/\\\/www.tillvaxtbohuslan.se\\\/bla-op\\\/\"},{\"@type\":\"ListItem\",\"position\":2,\"name\":\"Samr\u00e5det Bl\u00e5 \u00d6P 2017 \u00e4r nu avslutat\"}]},{\"@type\":\"WebSite\",\"@id\":\"https:\\\/\\\/www.tillvaxtbohuslan.se\\\/bla-op\\\/#website\",\"url\":\"https:\\\/\\\/www.tillvaxtbohuslan.se\\\/bla-op\\\/\",\"name\":\"Bl\u00e5 \u00d6versiktsplan\",\"description\":\"\",\"potentialAction\":[{\"@type\":\"SearchAction\",\"target\":{\"@type\":\"EntryPoint\",\"urlTemplate\":\"https:\\\/\\\/www.tillvaxtbohuslan.se\\\/bla-op\\\/?s={search_term_string}\"},\"query-input\":{\"@type\":\"PropertyValueSpecification\",\"valueRequired\":true,\"valueName\":\"search_term_string\"}}],\"inLanguage\":\"sv-SE\"}]}<\/script>\n<!-- \/ Yoast SEO plugin. -->","yoast_head_json":{"title":"Samr\u00e5det Bl\u00e5 \u00d6P 2017 \u00e4r nu avslutat - Bl\u00e5 \u00d6versiktsplan","robots":{"index":"index","follow":"follow","max-snippet":"max-snippet:-1","max-image-preview":"max-image-preview:large","max-video-preview":"max-video-preview:-1"},"canonical":"https:\/\/www.tillvaxtbohuslan.se\/bla-op\/samrad-bla-op-2017\/","twitter_misc":{"Ber\u00e4knad l\u00e4stid":"2 minuter"},"schema":{"@context":"https:\/\/schema.org","@graph":[{"@type":"WebPage","@id":"https:\/\/www.tillvaxtbohuslan.se\/bla-op\/samrad-bla-op-2017\/","url":"https:\/\/www.tillvaxtbohuslan.se\/bla-op\/samrad-bla-op-2017\/","name":"Samr\u00e5det Bl\u00e5 \u00d6P 2017 \u00e4r nu avslutat - Bl\u00e5 \u00d6versiktsplan","isPartOf":{"@id":"https:\/\/www.tillvaxtbohuslan.se\/bla-op\/#website"},"primaryImageOfPage":{"@id":"https:\/\/www.tillvaxtbohuslan.se\/bla-op\/samrad-bla-op-2017\/#primaryimage"},"image":{"@id":"https:\/\/www.tillvaxtbohuslan.se\/bla-op\/samrad-bla-op-2017\/#primaryimage"},"thumbnailUrl":"https:\/\/www.tillvaxtbohuslan.se\/bla-op\/wp-content\/uploads\/sites\/4\/2014\/06\/flicka-med-krabba-13.jpg","datePublished":"2016-12-14T13:39:22+00:00","dateModified":"2017-07-03T11:33:52+00:00","breadcrumb":{"@id":"https:\/\/www.tillvaxtbohuslan.se\/bla-op\/samrad-bla-op-2017\/#breadcrumb"},"inLanguage":"sv-SE","potentialAction":[{"@type":"ReadAction","target":["https:\/\/www.tillvaxtbohuslan.se\/bla-op\/samrad-bla-op-2017\/"]}]},{"@type":"ImageObject","inLanguage":"sv-SE","@id":"https:\/\/www.tillvaxtbohuslan.se\/bla-op\/samrad-bla-op-2017\/#primaryimage","url":"https:\/\/www.tillvaxtbohuslan.se\/bla-op\/wp-content\/uploads\/sites\/4\/2014\/06\/flicka-med-krabba-13.jpg","contentUrl":"https:\/\/www.tillvaxtbohuslan.se\/bla-op\/wp-content\/uploads\/sites\/4\/2014\/06\/flicka-med-krabba-13.jpg","width":2362,"height":3543},{"@type":"BreadcrumbList","@id":"https:\/\/www.tillvaxtbohuslan.se\/bla-op\/samrad-bla-op-2017\/#breadcrumb","itemListElement":[{"@type":"ListItem","position":1,"name":"Hem","item":"https:\/\/www.tillvaxtbohuslan.se\/bla-op\/"},{"@type":"ListItem","position":2,"name":"Samr\u00e5det Bl\u00e5 \u00d6P 2017 \u00e4r nu avslutat"}]},{"@type":"WebSite","@id":"https:\/\/www.tillvaxtbohuslan.se\/bla-op\/#website","url":"https:\/\/www.tillvaxtbohuslan.se\/bla-op\/","name":"Bl\u00e5 \u00d6versiktsplan","description":"","potentialAction":[{"@type":"SearchAction","target":{"@type":"EntryPoint","urlTemplate":"https:\/\/www.tillvaxtbohuslan.se\/bla-op\/?s={search_term_string}"},"query-input":{"@type":"PropertyValueSpecification","valueRequired":true,"valueName":"search_term_string"}}],"inLanguage":"sv-SE"}]}},"jetpack_sharing_enabled":true,"_links":{"self":[{"href":"https:\/\/www.tillvaxtbohuslan.se\/bla-op\/wp-json\/wp\/v2\/pages\/518","targetHints":{"allow":["GET"]}}],"collection":[{"href":"https:\/\/www.tillvaxtbohuslan.se\/bla-op\/wp-json\/wp\/v2\/pages"}],"about":[{"href":"https:\/\/www.tillvaxtbohuslan.se\/bla-op\/wp-json\/wp\/v2\/types\/page"}],"author":[{"embeddable":true,"href":"https:\/\/www.tillvaxtbohuslan.se\/bla-op\/wp-json\/wp\/v2\/users\/1"}],"replies":[{"embeddable":true,"href":"https:\/\/www.tillvaxtbohuslan.se\/bla-op\/wp-json\/wp\/v2\/comments?post=518"}],"version-history":[{"count":64,"href":"https:\/\/www.tillvaxtbohuslan.se\/bla-op\/wp-json\/wp\/v2\/pages\/518\/revisions"}],"predecessor-version":[{"id":644,"href":"https:\/\/www.tillvaxtbohuslan.se\/bla-op\/wp-json\/wp\/v2\/pages\/518\/revisions\/644"}],"wp:attachment":[{"href":"https:\/\/www.tillvaxtbohuslan.se\/bla-op\/wp-json\/wp\/v2\/media?parent=518"}],"curies":[{"name":"wp","href":"https:\/\/api.w.org\/{rel}","templated":true}]}}